{"id":856,"date":"2015-11-03T04:12:38","date_gmt":"2015-11-03T04:12:38","guid":{"rendered":"http:\/\/demo.vegatheme.com\/archilight\/?page_id=856"},"modified":"2015-11-03T04:12:38","modified_gmt":"2015-11-03T04:12:38","slug":"gallery-2-cols","status":"publish","type":"page","link":"https:\/\/bfeintearchitectes.com\/index.php\/gallery-2-cols\/","title":{"rendered":"Gallery 2 cols"},"content":{"rendered":"<div class=\"wpb-content-wrapper\"><p>[vc_row css=&#8221;.vc_custom_1495595303114{padding-top: 0px !important;padding-bottom: 0px !important;}&#8221;][vc_column]       \n\t<!-- Element: OT Portfolio Gallery 2 --> \n\t<div class=\"projects-grid-wrapper\">\n\t\t<div class=\"container\">\n\t        <!-- portfolio filter begin -->\n\t        <div class=\"row\">\n\t            <div class=\"col-md-12 text-center\">\n\t                <ul class=\"project_filters wow fadeInUp\" data-wow-delay=\"0s\">\n\t                \t<li><a href=\"#\" data-filter=\"*\" class=\"selected\">All Designs<\/a><\/li>                   \n\t                    \t\t\t\t\t\t\t\t\t\t\t\t\t\t\t<li><a href=\"#\" data-filter=\".category-55\">Bureaux<\/a><\/li>\n\t\t\t\t            \t\t\t\t\t\t\t\t<li><a href=\"#\" data-filter=\".category-58\">Collectif<\/a><\/li>\n\t\t\t\t            \t\t\t\t\t\t\t\t<li><a href=\"#\" data-filter=\".category-59\">Culturel<\/a><\/li>\n\t\t\t\t            \t\t\t\t\t\t\t\t<li><a href=\"#\" data-filter=\".category-60\">Enseignement<\/a><\/li>\n\t\t\t\t            \t\t\t\t\t\t\t\t<li><a href=\"#\" data-filter=\".category-56\">Equipement T<\/a><\/li>\n\t\t\t\t            \t\t\t\t\t\t\t\t<li><a href=\"#\" data-filter=\".category-37\">Equipements<\/a><\/li>\n\t\t\t\t            \t\t\t\t\t\t\t\t<li><a href=\"#\" data-filter=\".category-57\">Indiv<\/a><\/li>\n\t\t\t\t            \t\t\t\t\t\t\t\t<li><a href=\"#\" data-filter=\".category-41\">Logements<\/a><\/li>\n\t\t\t\t            \t\t\t\t\t\t\t\t<li><a href=\"#\" data-filter=\".category-63\">Meilleurs Projets<\/a><\/li>\n\t\t\t\t            \t\t\t\t\t\t\t\t<li><a href=\"#\" data-filter=\".category-61\">Parking<\/a><\/li>\n\t\t\t\t            \t\t\t\t\t\t\t\t<li><a href=\"#\" data-filter=\".category-62\">Sport<\/a><\/li>\n\t\t\t\t            \t\t\t\t\t\t\t\t<li><a href=\"#\" data-filter=\".category-54\">Tertiaire<\/a><\/li>\n\t\t\t\t            \t\t\t\t\t\t\t\t<li><a href=\"#\" data-filter=\".category-42\">Urbains<\/a><\/li>\n\t\t\t\t            \t\t\t\t    \t                   \n\t                <\/ul>\n\t            <\/div>\n\t        <\/div>\n\t        <!-- portfolio filter close -->\n\t    <\/div>\n\n\t    <div class=\"row projects-grid gallery-popup-link overlay_s1 wow fadeInUp\" data-wow-delay=\".3s\">\t\n\t    \t<div class=\"project-item-sizer col-md-6\"><\/div>\n\t                     \n\t        <!-- gallery item -->\n\t        <div class=\"project-item col-md-6 category-58 category-41 \">\n\t        \t<div class=\"projects-box\">\n\t\t\t\t\t<div class=\"projects-thumbnail\">\n\t\t\t\t\t\t<img loading=\"lazy\" decoding=\"async\" width=\"750\" height=\"499\" src=\"https:\/\/bfeintearchitectes.com\/wp-content\/uploads\/2024\/03\/202-Gattieres-copie-750x499.jpg\" class=\"attachment-thumb-portfolio size-thumb-portfolio wp-post-image\" alt=\"\" title=\"202 - Gatti\u00e8res copie\" \/>\t\t\t\t\t<\/div>\t\t\t\t\t\t\t\n\t\t\t\t\t<a  title=\"R\u00e9sidence Gatti\u00e8res &#8211; Gatti\u00e8res (Nice)\" href=\"https:\/\/bfeintearchitectes.com\/wp-content\/uploads\/2024\/03\/202-Gattieres-copie.jpg\">\n\t\t\t\t\t\t<span class=\"project-overlay\">\n\t\t\t\t\t\t\t<span class=\"project-name id-color\">R\u00e9sidence Gatti\u00e8res &#8211; Gatti\u00e8res (Nice)<\/span>\t\n\t\t\t\t\t\t<\/span>\n\t\t\t\t\t<\/a>\t\n\t\t\t\t<\/div>\n\t        <\/div>\n\t        <!-- close gallery item -->\n\t                    \n\t        <!-- gallery item -->\n\t        <div class=\"project-item col-md-6 category-58 category-41 \">\n\t        \t<div class=\"projects-box\">\n\t\t\t\t\t<div class=\"projects-thumbnail\">\n\t\t\t\t\t\t<img loading=\"lazy\" decoding=\"async\" width=\"750\" height=\"499\" src=\"https:\/\/bfeintearchitectes.com\/wp-content\/uploads\/2024\/03\/190-HSH-Chamonixt-A4-copie-750x499.jpg\" class=\"attachment-thumb-portfolio size-thumb-portfolio wp-post-image\" alt=\"\" title=\"190- HSH Chamonixt A4 copie\" \/>\t\t\t\t\t<\/div>\t\t\t\t\t\t\t\n\t\t\t\t\t<a  title=\"R\u00e9sidences des P\u00e8lerins &#8211; Chamonix Mont blanc (74)\" href=\"https:\/\/bfeintearchitectes.com\/wp-content\/uploads\/2024\/03\/190-HSH-Chamonixt-A4-copie.jpg\">\n\t\t\t\t\t\t<span class=\"project-overlay\">\n\t\t\t\t\t\t\t<span class=\"project-name id-color\">R\u00e9sidences des P\u00e8lerins &#8211; Chamonix Mont blanc (74)<\/span>\t\n\t\t\t\t\t\t<\/span>\n\t\t\t\t\t<\/a>\t\n\t\t\t\t<\/div>\n\t        <\/div>\n\t        <!-- close gallery item -->\n\t                    \n\t        <!-- gallery item -->\n\t        <div class=\"project-item col-md-6 category-58 category-41 \">\n\t        \t<div class=\"projects-box\">\n\t\t\t\t\t<div class=\"projects-thumbnail\">\n\t\t\t\t\t\t<img loading=\"lazy\" decoding=\"async\" width=\"750\" height=\"499\" src=\"https:\/\/bfeintearchitectes.com\/wp-content\/uploads\/2024\/03\/186-Bellevue-A4-copie-750x499.jpg\" class=\"attachment-thumb-portfolio size-thumb-portfolio wp-post-image\" alt=\"\" title=\"186- Bellevue A4 copie\" \/>\t\t\t\t\t<\/div>\t\t\t\t\t\t\t\n\t\t\t\t\t<a  title=\"Bellevue Coeur de cite &#8211; Chambery (73)\" href=\"https:\/\/bfeintearchitectes.com\/wp-content\/uploads\/2024\/03\/186-Bellevue-A4-copie.jpg\">\n\t\t\t\t\t\t<span class=\"project-overlay\">\n\t\t\t\t\t\t\t<span class=\"project-name id-color\">Bellevue Coeur de cite &#8211; Chambery (73)<\/span>\t\n\t\t\t\t\t\t<\/span>\n\t\t\t\t\t<\/a>\t\n\t\t\t\t<\/div>\n\t        <\/div>\n\t        <!-- close gallery item -->\n\t                    \n\t        <!-- gallery item -->\n\t        <div class=\"project-item col-md-6 category-58 category-41 \">\n\t        \t<div class=\"projects-box\">\n\t\t\t\t\t<div class=\"projects-thumbnail\">\n\t\t\t\t\t\t<img loading=\"lazy\" decoding=\"async\" width=\"750\" height=\"499\" src=\"https:\/\/bfeintearchitectes.com\/wp-content\/uploads\/2024\/03\/181-Ste-Foy-A4-copie-750x499.jpg\" class=\"attachment-thumb-portfolio size-thumb-portfolio wp-post-image\" alt=\"\" title=\"181- Ste Foy A4 copie\" \/>\t\t\t\t\t<\/div>\t\t\t\t\t\t\t\n\t\t\t\t\t<a  title=\"R\u00e9sidence de L&#8217;Hormet &#8211; Sainte Foy L\u00e8s Lyon (69)\" href=\"https:\/\/bfeintearchitectes.com\/wp-content\/uploads\/2024\/03\/181-Ste-Foy-A4-copie.jpg\">\n\t\t\t\t\t\t<span class=\"project-overlay\">\n\t\t\t\t\t\t\t<span class=\"project-name id-color\">R\u00e9sidence de L&#8217;Hormet &#8211; Sainte Foy L\u00e8s Lyon (69)<\/span>\t\n\t\t\t\t\t\t<\/span>\n\t\t\t\t\t<\/a>\t\n\t\t\t\t<\/div>\n\t        <\/div>\n\t        <!-- close gallery item -->\n\t                    \n\t        <!-- gallery item -->\n\t        <div class=\"project-item col-md-6 category-58 category-41 \">\n\t        \t<div class=\"projects-box\">\n\t\t\t\t\t<div class=\"projects-thumbnail\">\n\t\t\t\t\t\t<img loading=\"lazy\" decoding=\"async\" width=\"750\" height=\"499\" src=\"https:\/\/bfeintearchitectes.com\/wp-content\/uploads\/2024\/03\/176-TREVOUX-copie-750x499.jpg\" class=\"attachment-thumb-portfolio size-thumb-portfolio wp-post-image\" alt=\"\" title=\"176- TREVOUX copie\" \/>\t\t\t\t\t<\/div>\t\t\t\t\t\t\t\n\t\t\t\t\t<a  title=\"R\u00e9sidence Berluison &#8211; TREVOUX (01)\" href=\"https:\/\/bfeintearchitectes.com\/wp-content\/uploads\/2024\/03\/176-TREVOUX-copie.jpg\">\n\t\t\t\t\t\t<span class=\"project-overlay\">\n\t\t\t\t\t\t\t<span class=\"project-name id-color\">R\u00e9sidence Berluison &#8211; TREVOUX (01)<\/span>\t\n\t\t\t\t\t\t<\/span>\n\t\t\t\t\t<\/a>\t\n\t\t\t\t<\/div>\n\t        <\/div>\n\t        <!-- close gallery item -->\n\t                    \n\t        <!-- gallery item -->\n\t        <div class=\"project-item col-md-6 category-58 category-41 \">\n\t        \t<div class=\"projects-box\">\n\t\t\t\t\t<div class=\"projects-thumbnail\">\n\t\t\t\t\t\t<img loading=\"lazy\" decoding=\"async\" width=\"750\" height=\"499\" src=\"https:\/\/bfeintearchitectes.com\/wp-content\/uploads\/2024\/03\/172-CREM-OPAC-38-A4-copie-750x499.jpg\" class=\"attachment-thumb-portfolio size-thumb-portfolio wp-post-image\" alt=\"\" title=\"A4\" \/>\t\t\t\t\t<\/div>\t\t\t\t\t\t\t\n\t\t\t\t\t<a  title=\"Le Maine &#8211; Echirolles (38)\" href=\"https:\/\/bfeintearchitectes.com\/wp-content\/uploads\/2024\/03\/172-CREM-OPAC-38-A4-copie.jpg\">\n\t\t\t\t\t\t<span class=\"project-overlay\">\n\t\t\t\t\t\t\t<span class=\"project-name id-color\">Le Maine &#8211; Echirolles (38)<\/span>\t\n\t\t\t\t\t\t<\/span>\n\t\t\t\t\t<\/a>\t\n\t\t\t\t<\/div>\n\t        <\/div>\n\t        <!-- close gallery item -->\n\t                    \n\t        <!-- gallery item -->\n\t        <div class=\"project-item col-md-6 category-58 category-41 \">\n\t        \t<div class=\"projects-box\">\n\t\t\t\t\t<div class=\"projects-thumbnail\">\n\t\t\t\t\t\t<img loading=\"lazy\" decoding=\"async\" width=\"750\" height=\"499\" src=\"https:\/\/bfeintearchitectes.com\/wp-content\/uploads\/2024\/03\/170-Caserne-DESSAIX-A4-copie-750x499.jpg\" class=\"attachment-thumb-portfolio size-thumb-portfolio wp-post-image\" alt=\"\" title=\"Pr\u00e9sentation2\" \/>\t\t\t\t\t<\/div>\t\t\t\t\t\t\t\n\t\t\t\t\t<a  title=\"Caserne Dessaix &#8211; Annecy (74)\" href=\"https:\/\/bfeintearchitectes.com\/wp-content\/uploads\/2024\/03\/170-Caserne-DESSAIX-A4-copie.jpg\">\n\t\t\t\t\t\t<span class=\"project-overlay\">\n\t\t\t\t\t\t\t<span class=\"project-name id-color\">Caserne Dessaix &#8211; Annecy (74)<\/span>\t\n\t\t\t\t\t\t<\/span>\n\t\t\t\t\t<\/a>\t\n\t\t\t\t<\/div>\n\t        <\/div>\n\t        <!-- close gallery item -->\n\t                    \n\t        <!-- gallery item -->\n\t        <div class=\"project-item col-md-6 category-58 category-41 \">\n\t        \t<div class=\"projects-box\">\n\t\t\t\t\t<div class=\"projects-thumbnail\">\n\t\t\t\t\t\t<img loading=\"lazy\" decoding=\"async\" width=\"750\" height=\"499\" src=\"https:\/\/bfeintearchitectes.com\/wp-content\/uploads\/2024\/03\/160-3F-villefontaine-vert-bocage-A4-copie-750x499.jpg\" class=\"attachment-thumb-portfolio size-thumb-portfolio wp-post-image\" alt=\"\" title=\"A4\" \/>\t\t\t\t\t<\/div>\t\t\t\t\t\t\t\n\t\t\t\t\t<a  title=\"VERT BOCAGE &#8211; Villefontaine (38)\" href=\"https:\/\/bfeintearchitectes.com\/wp-content\/uploads\/2024\/03\/160-3F-villefontaine-vert-bocage-A4-copie.jpg\">\n\t\t\t\t\t\t<span class=\"project-overlay\">\n\t\t\t\t\t\t\t<span class=\"project-name id-color\">VERT BOCAGE &#8211; Villefontaine (38)<\/span>\t\n\t\t\t\t\t\t<\/span>\n\t\t\t\t\t<\/a>\t\n\t\t\t\t<\/div>\n\t        <\/div>\n\t        <!-- close gallery item -->\n\t                    \n\t        <!-- gallery item -->\n\t        <div class=\"project-item col-md-6 category-58 category-41 \">\n\t        \t<div class=\"projects-box\">\n\t\t\t\t\t<div class=\"projects-thumbnail\">\n\t\t\t\t\t\t<img loading=\"lazy\" decoding=\"async\" width=\"750\" height=\"499\" src=\"https:\/\/bfeintearchitectes.com\/wp-content\/uploads\/2024\/03\/159_L_Arbresle_La-Madeleine-A4-copie-750x499.jpg\" class=\"attachment-thumb-portfolio size-thumb-portfolio wp-post-image\" alt=\"\" title=\"159_L_Arbresle_La Madeleine A4 copie\" \/>\t\t\t\t\t<\/div>\t\t\t\t\t\t\t\n\t\t\t\t\t<a  title=\"R\u00e9sidence Autonomie La Madeleine &#8211; L&#8217;Arbresle (69210)\" href=\"https:\/\/bfeintearchitectes.com\/wp-content\/uploads\/2024\/03\/159_L_Arbresle_La-Madeleine-A4-copie.jpg\">\n\t\t\t\t\t\t<span class=\"project-overlay\">\n\t\t\t\t\t\t\t<span class=\"project-name id-color\">R\u00e9sidence Autonomie La Madeleine &#8211; L&#8217;Arbresle (69210)<\/span>\t\n\t\t\t\t\t\t<\/span>\n\t\t\t\t\t<\/a>\t\n\t\t\t\t<\/div>\n\t        <\/div>\n\t        <!-- close gallery item -->\n\t                    \n\t        <!-- gallery item -->\n\t        <div class=\"project-item col-md-6 category-58 category-41 category-63 \">\n\t        \t<div class=\"projects-box\">\n\t\t\t\t\t<div class=\"projects-thumbnail\">\n\t\t\t\t\t\t<img loading=\"lazy\" decoding=\"async\" width=\"750\" height=\"499\" src=\"https:\/\/bfeintearchitectes.com\/wp-content\/uploads\/2024\/03\/158-PLURALIS-LE-SAUZAI-copie-750x499.jpg\" class=\"attachment-thumb-portfolio size-thumb-portfolio wp-post-image\" alt=\"\" title=\"Pr\u00e9sentation2\" \/>\t\t\t\t\t<\/div>\t\t\t\t\t\t\t\n\t\t\t\t\t<a  title=\"PLURALIS &#8211; Le Sauzai &#8211; LA TOUR DU PIN (38)\" href=\"https:\/\/bfeintearchitectes.com\/wp-content\/uploads\/2024\/03\/158-PLURALIS-LE-SAUZAI-copie.jpg\">\n\t\t\t\t\t\t<span class=\"project-overlay\">\n\t\t\t\t\t\t\t<span class=\"project-name id-color\">PLURALIS &#8211; Le Sauzai &#8211; LA TOUR DU PIN (38)<\/span>\t\n\t\t\t\t\t\t<\/span>\n\t\t\t\t\t<\/a>\t\n\t\t\t\t<\/div>\n\t        <\/div>\n\t        <!-- close gallery item -->\n\t                    \n\t        <!-- gallery item -->\n\t        <div class=\"project-item col-md-6 category-58 category-41 \">\n\t        \t<div class=\"projects-box\">\n\t\t\t\t\t<div class=\"projects-thumbnail\">\n\t\t\t\t\t\t<img loading=\"lazy\" decoding=\"async\" width=\"750\" height=\"499\" src=\"https:\/\/bfeintearchitectes.com\/wp-content\/uploads\/2024\/03\/148-LE-SALEVE-copie-1-750x499.jpg\" class=\"attachment-thumb-portfolio size-thumb-portfolio wp-post-image\" alt=\"\" title=\"A4\" \/>\t\t\t\t\t<\/div>\t\t\t\t\t\t\t\n\t\t\t\t\t<a  title=\"R\u00e9habilitation de 65 logements collectifs &#8211; Annemasse (74)\" href=\"https:\/\/bfeintearchitectes.com\/wp-content\/uploads\/2024\/03\/148-LE-SALEVE-copie-1.jpg\">\n\t\t\t\t\t\t<span class=\"project-overlay\">\n\t\t\t\t\t\t\t<span class=\"project-name id-color\">R\u00e9habilitation de 65 logements collectifs &#8211; Annemasse (74)<\/span>\t\n\t\t\t\t\t\t<\/span>\n\t\t\t\t\t<\/a>\t\n\t\t\t\t<\/div>\n\t        <\/div>\n\t        <!-- close gallery item -->\n\t                    \n\t        <!-- gallery item -->\n\t        <div class=\"project-item col-md-6 category-58 category-41 \">\n\t        \t<div class=\"projects-box\">\n\t\t\t\t\t<div class=\"projects-thumbnail\">\n\t\t\t\t\t\t<img loading=\"lazy\" decoding=\"async\" width=\"750\" height=\"499\" src=\"https:\/\/bfeintearchitectes.com\/wp-content\/uploads\/2024\/03\/147-voreppe-copie-1-750x499.jpg\" class=\"attachment-thumb-portfolio size-thumb-portfolio wp-post-image\" alt=\"\" title=\"Pr\u00e9sentation2\" \/>\t\t\t\t\t<\/div>\t\t\t\t\t\t\t\n\t\t\t\t\t<a  title=\"PLURALIS &#8211; VOREPPE (38)\" href=\"https:\/\/bfeintearchitectes.com\/wp-content\/uploads\/2024\/03\/147-voreppe-copie-1.jpg\">\n\t\t\t\t\t\t<span class=\"project-overlay\">\n\t\t\t\t\t\t\t<span class=\"project-name id-color\">PLURALIS &#8211; VOREPPE (38)<\/span>\t\n\t\t\t\t\t\t<\/span>\n\t\t\t\t\t<\/a>\t\n\t\t\t\t<\/div>\n\t        <\/div>\n\t        <!-- close gallery item -->\n\t       \t    <\/div>\n\t<\/div>\n  \n[\/vc_column][\/vc_row][vc_row fullwidth=&#8221;yes&#8221; el_class=&#8221;call-to-action bg-color text-center&#8221; css=&#8221;.vc_custom_1442204572844{padding-top: 60px !important;padding-bottom: 60px !important;}&#8221;][vc_column]\t\t\t\n\t<!-- Element: OT Button --> \n\t\t\t<a href=\"http:\/\/demo.archiwp.com\/light-version\/contact\/\" target=\"_self\" class=\"btn btn-line-black btn-big  \">Get Quotation<\/a>\n\t    \n[\/vc_column][\/vc_row]<\/p>\n<\/div>","protected":false},"excerpt":{"rendered":"<p>[vc_row css=&#8221;.vc_custom_1495595303114{padding-top: 0px !important;padding-bottom: 0px !important;}&#8221;][vc_column][\/vc_column][\/vc_row][vc_row fullwidth=&#8221;yes&#8221; el_class=&#8221;call-to-action bg-color text-center&#8221; css=&#8221;.vc_custom_1442204572844{padding-top: 60px !important;padding-bottom: 60px !important;}&#8221;][vc_column][\/vc_column][\/vc_row]<\/p>\n","protected":false},"author":3,"featured_media":0,"parent":0,"menu_order":0,"comment_status":"open","ping_status":"open","template":"page-templates\/template-fullwidth.php","meta":{"footnotes":""},"class_list":["post-856","page","type-page","status-publish","hentry"],"_links":{"self":[{"href":"https:\/\/bfeintearchitectes.com\/index.php\/wp-json\/wp\/v2\/pages\/856","targetHints":{"allow":["GET"]}}],"collection":[{"href":"https:\/\/bfeintearchitectes.com\/index.php\/wp-json\/wp\/v2\/pages"}],"about":[{"href":"https:\/\/bfeintearchitectes.com\/index.php\/wp-json\/wp\/v2\/types\/page"}],"author":[{"embeddable":true,"href":"https:\/\/bfeintearchitectes.com\/index.php\/wp-json\/wp\/v2\/users\/3"}],"replies":[{"embeddable":true,"href":"https:\/\/bfeintearchitectes.com\/index.php\/wp-json\/wp\/v2\/comments?post=856"}],"version-history":[{"count":0,"href":"https:\/\/bfeintearchitectes.com\/index.php\/wp-json\/wp\/v2\/pages\/856\/revisions"}],"wp:attachment":[{"href":"https:\/\/bfeintearchitectes.com\/index.php\/wp-json\/wp\/v2\/media?parent=856"}],"curies":[{"name":"wp","href":"https:\/\/api.w.org\/{rel}","templated":true}]}}